{"id":53,"date":"2021-10-21T14:34:45","date_gmt":"2021-10-21T14:34:45","guid":{"rendered":"https:\/\/tortenelem-uj.fazekas.hu\/?page_id=53"},"modified":"2026-03-30T23:04:19","modified_gmt":"2026-03-30T21:04:19","slug":"erettsegi-esszek","status":"publish","type":"page","link":"https:\/\/tortenelem.fazekas.hu\/?page_id=53","title":{"rendered":"R\u00e9szletes t\u00e9telek"},"content":{"rendered":"<p style=\"text-align: justify;\">Az al\u00e1bbi t\u00e9teleket, t\u00e9m\u00e1kat di\u00e1kjaink dolgozt\u00e1k ki a k\u00f6z\u00e9piskolai t\u00f6rt\u00e9nelem tank\u00f6nyvek \u00e9s tan\u00e1raik \u00f3rai el\u0151ad\u00e1sai alapj\u00e1n 2010 k\u00f6r\u00fcl. A di\u00e1kok k\u00e9r\u00e9se alapj\u00e1n n\u00e9v n\u00e9lk\u00fcl l\u00e1thatj\u00e1k a kidolgoz\u00e1sokat. A t\u00e9telek elt\u00e9r\u0151 hossz\u00fas\u00e1g\u00faak \u00e9s sz\u00ednvonal\u00faak, nyugodtan v\u00e1logassanak ig\u00e9nyeik szerint! <\/p>\n<p style=\"text-align: justify;\">Vigy\u00e1zat! Mivel az al\u00e1bbi t\u00e9telek r\u00e9giek (id\u0151k\u00f6zben a Nat2020 , illetve a meg\u00faj\u00edtott \u00e9retts\u00e9gi k\u00f6vetelm\u00e9nyrendszer jelent\u0151s m\u00e9rt\u00e9kben reduk\u00e1lta a tananyagot), ez\u00e9rt a mai k\u00f6vetelm\u00e9nyek szerint er\u0151sen t\u00fal\u00edrtak.<\/p>\n<p style=\"text-align: justify;\">K\u00f6sz\u00f6nj\u00fck minden di\u00e1kunknak, hogy dolgozataikkal hozz\u00e1j\u00e1rulnak di\u00e1kt\u00e1rsaik tanul\u00e1s\u00e1hoz! <\/p>\n<p>&nbsp;<br \/>\n&nbsp;<br \/>\n<a href=\" erettsegi\/regitetelek\/oskor_okori_kelet.docx\"><i><font color=\"blue\">Az \u0151skor \u00e9s az \u00f3kori kelet (kidolgozva 2022-ben)<\/font><\/font><\/i><\/a><br \/>\n&nbsp;<br \/>\n<a href=\" erettsegi\/regitetelek\/egyen_kozosseg_viszonya_antik_tarsadalomban.doc\"><i><font color=\"blue\">Egy\u00e9n \u00e9s k\u00f6z\u00f6ss\u00e9g viszonya az antik (g\u00f6r\u00f6g-r\u00f3mai) t\u00e1rsadalmakban<\/font><\/font><\/i><\/a><br \/>\n&nbsp;<br \/>\n<a href=\" erettsegi\/regitetelek\/romai_koztarsasag_valsaga.doc\"><i><font color=\"blue\">A r\u00f3mai k\u00f6zt\u00e1rsas\u00e1g v\u00e1ls\u00e1ga<\/font><\/font><\/i><\/a><br \/>\n&nbsp;<br \/>\n<a href=\" erettsegi\/regitetelek\/antikvitas_kulturaja.doc\"><i><font color=\"blue\">Az antikvit\u00e1s kult\u00far\u00e1j\u00e1nak jellemz\u0151i<\/font><\/font><\/i><\/a><br \/>\n&nbsp;<br \/>\n<a href=\" erettsegi\/regitetelek\/keresztenyseg_egyhazza_szervezodese.doc\"><i><font color=\"blue\">A kereszt\u00e9nys\u00e9g korai t\u00f6rt\u00e9nete \u00e9s egyh\u00e1zz\u00e1 szervez\u0151d\u00e9se<\/font><\/font><\/i><\/a><br \/>\n&nbsp;<br \/>\n<a href=\" erettsegi\/regitetelek\/iszlam_vallas.doc\"><i><font color=\"blue\">Az iszl\u00e1m vall\u00e1s<\/font><\/i><\/a><br \/>\n&nbsp;<br \/>\n<a href=\" erettsegi\/regitetelek\/vilagvallasok_jellemzoi.doc\"><i><font color=\"blue\">A vil\u00e1gvall\u00e1sok jellemz\u0151i<\/font><\/i><\/a><br \/>\n&nbsp;<br \/>\n&nbsp;<br \/>\n&nbsp;<br \/>\n<a href=\" erettsegi\/regitetelek\/gazdasagi_valtozasok_nyugat_europaban_a_ 10_13_szazadban.doc\"><i><font color=\"blue\">Gazdas\u00e1gi v\u00e1ltoz\u00e1sok Nyugat-Eur\u00f3p\u00e1ban a X\u2013XIII. sz\u00e1zadban<\/font><\/i><\/a><br \/>\n&nbsp;<br \/>\n<a href=\" erettsegi\/regitetelek\/kozepkor_anyagi_es_technikai_kulturaja.doc\"><i><font color=\"blue\">A k\u00f6z\u00e9pkor anyagi \u00e9s technikai kult\u00far\u00e1ja (XI\u2013XIV. sz\u00e1zad) <\/font><\/i><\/a><br \/>\n&nbsp;<br \/>\n<a href=\" erettsegi\/regitetelek\/kozepkori_varos.doc\"><i><font color=\"blue\">A k\u00f6z\u00e9pkori v\u00e1ros jellemz\u0151i Eur\u00f3p\u00e1ban \u00e9s Magyarorsz\u00e1gon<\/font><\/i><\/a><br \/>\n&nbsp;<br \/>\n<a href=\" erettsegi\/regitetelek\/keresztenyseg_szerepe_kozepkori_europaban.doc\"><i><font color=\"blue\">A kereszt\u00e9nys\u00e9g (egyh\u00e1z) szerepe a k\u00f6z\u00e9pkori Eur\u00f3p\u00e1ban<\/font><\/i><\/a><br \/>\n&nbsp;<br \/>\n<a href=\" erettsegi\/regitetelek\/kozepkori_egyetemek_szerzetesrendek.doc\"><i><font color=\"blue\">K\u00f6z\u00e9pkori egyetemek, szerzetesrendek<\/font><\/i><\/a><br \/>\n&nbsp;<br \/>\n<a href=\" erettsegi\/regitetelek\/rendi_allam_kial_europaban.doc\"><i><font color=\"blue\">A rendi \u00e1llam kialakul\u00e1sa \u00e9s jellemz\u0151i a k\u00f6z\u00e9pkori Eur\u00f3p\u00e1ban<\/font><\/i><\/a><br \/>\n&nbsp;<br \/>\n<a href=\" erettsegi\/regitetelek\/kozepkor_mindennapjai.doc\"><i><font color=\"blue\">A k\u00f6z\u00e9pkor mindennapjai<\/font><\/i><\/a><br \/>\n&nbsp;<br \/>\n&nbsp;<br \/>\n&nbsp;<br \/>\n<a href=\" erettsegi\/regitetelek\/a_honfoglalo_magyarsag.doc\"><i><font color=\"blue\">A honfoglal\u00f3 magyars\u00e1g t\u00e1rsadalma, \u00e9letm\u00f3dja<\/font><\/i><\/a><br \/>\n&nbsp;<br \/>\n<a href=\" erettsegi\/regitetelek\/geza_es_istvan_allamalapito_tevekenysege.doc\"><i><font color=\"blue\">G\u00e9za \u00e9s Istv\u00e1n \u00e1llamalap\u00edt\u00f3 tev\u00e9kenys\u00e9ge<\/font><\/i><\/a><br \/>\n&nbsp;<br \/>\n<a href=\" erettsegi\/regitetelek\/kereszteny_kiralysag_megteremtese_szent_istvan_koraban.doc\"><i><font color=\"blue\">A kereszt\u00e9ny kir\u00e1lys\u00e1g megteremt\u00e9se Szent Istv\u00e1n kor\u00e1ban<\/font><\/i><\/a><br \/>\n&nbsp;<br \/>\n<a href=\" erettsegi\/regitetelek\/erett_kozepkor_gazdasaga_magyarorszagon.rtf\"><i><font color=\"blue\">Az \u00e9rett k\u00f6z\u00e9pkor gazdas\u00e1ga \u00e9s gazdas\u00e1gpolitik\u00e1ja Magyarorsz\u00e1gon<\/font><\/i><\/a><br \/>\n&nbsp;<br \/>\n<a href=\" erettsegi\/regitetelek\/magyar_gazdasag_14_16_szazadban.doc\"><i><font color=\"blue\">Magyarorsz\u00e1g gazdas\u00e1ga a XIV\u2013XVI. sz\u00e1zadban<\/font><\/i><\/a><br \/>\n&nbsp;<br \/>\n<a href=\" erettsegi\/regitetelek\/magyar_tarsadalom_valtozasai_a_honfoglalastol_14_szazadig.doc\"><i><font color=\"blue\">A magyar t\u00e1rsadalom v\u00e1ltoz\u00e1sai a honfoglal\u00e1st\u00f3l a XIV. sz\u00e1zadig<\/font><\/i><\/a><br \/>\n&nbsp;<br \/>\n<a href=\" erettsegi\/regitetelek\/magyar_tarsadalom_14_15_szazadban.doc\"><i><font color=\"blue\">A magyar t\u00e1rsadalom a XIV\u2013XV. sz\u00e1zadban<\/font><\/i><\/a><br \/>\n&nbsp;<br \/>\n<a href=\" erettsegi\/regitetelek\/varosfejlodes_magyarorszagon.doc\"><i><font color=\"blue\">A magyarorsz\u00e1gi v\u00e1rosfejl\u0151d\u00e9s jellegzetess\u00e9gei a XIV\u2013XVI. sz\u00e1zadban<\/font><\/i><\/a><br \/>\n&nbsp;<br \/>\n<a href=\" erettsegi\/regitetelek\/luxemburgi_zsigmond_kulpolitikaja.doc\"><i><font color=\"blue\">Luxemburgi Zsigmond k\u00fclpolitik\u00e1ja<\/font><\/i><\/a><br \/>\n&nbsp;<br \/>\n<a href=\" erettsegi\/regitetelek\/hunyadi_matyas.doc\"><i><font color=\"blue\">Hunyadi M\u00e1ty\u00e1s portr\u00e9ja \u00e9s udvara<\/font><\/i><\/a><br \/>\n&nbsp;<br \/>\n<a href=\" erettsegi\/regitetelek\/torokellenes_kuzdelmek_14_15_szazadban.doc\"><i><font color=\"blue\">T\u00f6r\u00f6kellenes k\u00fczdelmek a XIV\u2013XV. sz\u00e1zadban<\/font><\/i><\/a><br \/>\n&nbsp;<br \/>\n<a href=\" erettsegi\/regitetelek\/torok_magyar_viszony_alakulasa_14_16_szazadban.doc\"><i><font color=\"blue\">Az Oszm\u00e1n-t\u00f6r\u00f6k Birodalom \u00e9s a Magyar Kir\u00e1lys\u00e1g<\/font><\/i><\/a><br \/>\n&nbsp;<br \/>\n&nbsp;<br \/>\n&nbsp;<br \/>\n<a href=\" erettsegi\/regitetelek\/nagy_foldrajzi_felfedezesek_16_szazadi_vilaggazdasag_toth_anna_bodza.pdf\"><i><font color=\"blue\">A nagy f\u00f6ldrajzi felfedez\u00e9sek \u00e9s a vil\u00e1ggazdas\u00e1g kialakul\u00e1sa a 16\u201317. sz\u00e1zadban (kidolgozva 2023-ban)<\/font><\/font><\/i><\/a><br \/>\n&nbsp;<br \/>\n<a href=\" erettsegi\/regitetelek\/a_nagy_foldrajzi_felfedezesek_gazdasagi_kovetkezmenyei.doc\"><i><font color=\"blue\">A nagy f\u00f6ldrajzi felfedez\u00e9sek \u00e9s gazdas\u00e1gi k\u00f6vetkezm\u00e9nyei<\/font><\/i><\/a><br \/>\n&nbsp;<br \/>\n<a href=\" erettsegi\/regitetelek\/reformacio_katolikus_megujulas.doc\"><i><font color=\"blue\">Reform\u00e1ci\u00f3 \u00e9s katolikus meg\u00fajul\u00e1s<\/font><\/i><\/a><br \/>\n&nbsp;<br \/>\n<a href=\" erettsegi\/regitetelek\/kapitalista_vilaggazdasag_kial_16_18.doc\"><i><font color=\"blue\">A kapitalista vil\u00e1ggazdas\u00e1g kialakul\u00e1sa a XVI\u2013XVIII. sz\u00e1zadban<\/font><\/i><\/a><br \/>\n&nbsp;<br \/>\n<a href=\" erettsegi\/regitetelek\/kapitalizalodas_kora_ujkor_anglia.doc\"><i><font color=\"blue\">Kapitaliz\u00e1l\u00f3d\u00e1s, anyagi kult\u00fara \u00e9s mindennapi \u00e9let az \u00fajkori Angli\u00e1ban (15\u201318. sz\u00e1zad) <\/font><\/i><\/a><br \/>\n&nbsp;<br \/>\n<a href=\" erettsegi\/regitetelek\/harc_az_europai_hegemoniaert_16_17_szazadban.doc\"><i><font color=\"blue\">Harc az eur\u00f3pai hegem\u00f3ni\u00e1\u00e9rt a XVI\u2013XVII. sz\u00e1zadban<\/font><\/i><\/a><br \/>\n&nbsp;<br \/>\n&nbsp;<br \/>\n&nbsp;<br \/>\n<a href=\" erettsegi\/regitetelek\/torokellenes_harcok_16_17_szazadi_magyarorszagon.doc\"><i><font color=\"blue\">T\u00f6r\u00f6kellenes harcok a XVI\u2013XVII sz\u00e1zadi Magyarorsz\u00e1gon<\/font><\/i><\/a><br \/>\n&nbsp;<br \/>\n<a href=\" erettsegi\/regitetelek\/zrinyi_miklos_es_a_torok_kiuzese.doc\"><i><font color=\"blue\">Zr\u00ednyi Mikl\u00f3s tev\u00e9kenys\u00e9ge \u00e9s a t\u00f6r\u00f6k ki\u0171z\u00e9se<\/font><\/i><\/a><br \/>\n&nbsp;<br \/>\n<a href=\" erettsegi\/regitetelek\/demografia_es_tel_szerkezet_valtozasok_16_18_szazadban_maragyorszagon.doc\"><i><font color=\"blue\">Demogr\u00e1fiai \u00e9s telep\u00fcl\u00e9sszerkezeti v\u00e1ltoz\u00e1sok a XVI\u2013XVIII. sz\u00e1zadi Magyarorsz\u00e1gon<\/font><\/i><\/a><br \/>\n&nbsp;<br \/>\n<a href=\" erettsegi\/regitetelek\/demografiai_valtozasok_a_17_18_szazadi_magyarorszagon.doc\"><i><font color=\"blue\">Demogr\u00e1fiai v\u00e1ltoz\u00e1sok a XVII\u2013XVIII. sz\u00e1zadi Magyarorsz\u00e1gon<\/font><\/i><\/a><br \/>\n&nbsp;<br \/>\n<a href=\" erettsegi\/regitetelek\/demografia_valtozasok_18_szazadban_magyarorszagon.doc\"><i><font color=\"blue\">Demogr\u00e1fiai v\u00e1ltoz\u00e1sok Magyarorsz\u00e1gon a XVIII. sz\u00e1zadban<\/font><\/i><\/a><br \/>\n&nbsp;<br \/>\n<a href=\" erettsegi\/regitetelek\/eletmod_es_mindennapok_a_17_szazadi_magyarorszagon.doc\"><i><font color=\"blue\">\u00c9letm\u00f3d \u00e9s mindennapok a XVII. sz\u00e1zadi Magyarorsz\u00e1gon<\/font><\/i><\/a><br \/>\n&nbsp;<br \/>\n<a href=\" erettsegi\/regitetelek\/rakoczi_szabadsagharc.doc\"><i><font color=\"blue\">A R\u00e1k\u00f3czi-szabads\u00e1gharc \u00e9s nemzetk\u00f6zi \u00f6sszef\u00fcgg\u00e9sei<\/font><\/i><\/a><br \/>\n&nbsp;<br \/>\n<a href=\" erettsegi\/regitetelek\/felvilagosult_abszolutizmus.doc\"><i><font color=\"blue\">A felvil\u00e1gosult abszolutizmus politik\u00e1ja \u00e9s magyarorsz\u00e1gi k\u00e9pvisel\u0151i<\/font><\/i><\/a><br \/>\n&nbsp;<br \/>\n<a href=\" erettsegi\/regitetelek\/felvilagosodas_francia_forradalom_eszmei_iranyzatai.doc\"><i><font color=\"blue\">A felvil\u00e1gosod\u00e1s \u00e9s a francia forradalom eszmei ir\u00e1nyzatai<\/font><\/i><\/a><br \/>\n&nbsp;<br \/>\n&nbsp;<br \/>\n&nbsp;<br \/>\n<a href=\" erettsegi\/regitetelek\/nagyhatalmi_eroviszonyok_europaban_18_szazadban.doc\"><i><font color=\"blue\">Nagyhatalmi er\u0151viszonyok \u00e1talakul\u00e1sa Eur\u00f3p\u00e1ban a XVIII. sz\u00e1zadban<\/font><\/i><\/a><br \/>\n&nbsp;<br \/>\n<a href=\" erettsegi\/regitetelek\/polgari_allamok_18_19_szazadban.doc\"><i><font color=\"blue\">Polg\u00e1ri \u00e1llamok l\u00e9trej\u00f6tte \u00e9s m\u0171k\u00f6d\u00e9se a XVIII\u2013XIX. sz\u00e1zadban<\/font><\/i><\/a><br \/>\n&nbsp;<br \/>\n<a href=\" erettsegi\/regitetelek\/ipari_forradalom_18_19_szazadban.doc\"><i><font color=\"blue\">Az ipari forradalom gazdas\u00e1gi vonatkoz\u00e1sai a XVIII\u2013XIX. sz\u00e1zadban<\/font><\/i><\/a><br \/>\n&nbsp;<br \/>\n<a href=\" erettsegi\/regitetelek\/az_ipari_forradalom_hatasa.doc\"><i><font color=\"blue\">Az ipari forradalom hat\u00e1sa a term\u00e9szetes \u00e9s az \u00e9p\u00edtett k\u00f6rnyezetre<\/font><\/i><\/a><br \/>\n&nbsp;<br \/>\n<a href=\" erettsegi\/regitetelek\/elso_ipari_forradalom_tarsadalmi_kovetkezmenyei.doc\"><i><font color=\"blue\">Az els\u0151 ipari forradalom t\u00e1rsadalmi k\u00f6vetkezm\u00e9nyei<\/font><\/i><\/a><br \/>\n&nbsp;<br \/>\n<a href=\" erettsegi\/regitetelek\/18_19_szazadi_alkotmanyok.doc\"><i><font color=\"blue\">A XVIII\u2013XIX. sz\u00e1zadi alkotm\u00e1nyok alapvet\u0151 von\u00e1sai<\/font><\/i><\/a><br \/>\n&nbsp;<br \/>\n<a href=\" erettsegi\/regitetelek\/modern_demokraciak_18_szazadi_gyokerei.doc\"><i><font color=\"blue\">A modern demokr\u00e1ci\u00e1k XVIII. sz\u00e1zadi gy\u00f6kerei<\/font><\/i><\/a><br \/>\n&nbsp;<br \/>\n<a href=\" erettsegi\/regitetelek\/19_szazad_uralkodoi_eszmei.doc\"><i><font color=\"blue\">A XIX. sz\u00e1zad uralkod\u00f3 eszm\u00e9i<\/font><\/i><\/a><br \/>\n&nbsp;<br \/>\n<a href=\" erettsegi\/regitetelek\/nemet_egyseg_es_kovetkezmenyei.doc\"><i><font color=\"blue\">A n\u00e9met egys\u00e9g<br \/>\n&nbsp;<br \/>\n<a href=\" erettsegi\/regitetelek\/gyarmatositas_18_20_szazadban.doc\"><i><font color=\"blue\">Gyarmatos\u00edt\u00e1s \u00e9s a gyarmati f\u00fcggetlens\u00e9gi k\u00fczdelem a XVIII\u2013XX. sz\u00e1zadban<\/font><\/i><\/a><br \/>\n&nbsp;<br \/>\n&nbsp;<br \/>\n&nbsp;<br \/>\n<a href=\" erettsegi\/regitetelek\/magyar_gazdasag_1711_1848_kozott.doc\"><i><font color=\"blue\">A magyar gazdas\u00e1g a XVIII. sz\u00e1zad k\u00f6zep\u00e9t\u0151l 1848-ig<\/font><\/i><\/a><br \/>\n&nbsp;<br \/>\n<a href=\" erettsegi\/regitetelek\/magyar_gazdasag_reformkortol_az_elso_vilaghaboruig.doc\"><i><font color=\"blue\">A magyar gazdas\u00e1g \u00e1talakul\u00e1sa a reformkort\u00f3l az els\u0151 vil\u00e1gh\u00e1bor\u00faig<\/font><\/i><\/a><br \/>\n&nbsp;<br \/>\n<a href=\" erettsegi\/regitetelek\/magyar_allamszervezetek_18_19_szazadban.doc\"><i><font color=\"blue\">A magyar \u00e1llamszervezet m\u0171k\u00f6d\u00e9se a XVIII\u2013XIX. sz\u00e1zadban<\/font><\/i><\/a><br \/>\n&nbsp;<br \/>\n<a href=\" erettsegi\/regitetelek\/orszaggyules_a_18_szazadtol_1848_ig.doc\"><i><font color=\"blue\">Az orsz\u00e1ggy\u0171l\u00e9s \u00e9s a v\u00e1rmegye fel\u00e9p\u00edt\u00e9se, m\u0171k\u00f6d\u00e9se \u00e9s szerepe a XVIII. sz\u00e1zad k\u00f6zep\u00e9t\u0151l 1848-ig<\/font><\/i><\/a><br \/>\n&nbsp;<br \/>\n<a href=\" erettsegi\/regitetelek\/szechenyi_\u00e9s_kossuth_programja.doc\"><i><font color=\"blue\">Sz\u00e9chenyi \u00e9s Kossuth n\u00e9zetei, programja a polg\u00e1ri \u00e1talakul\u00e1s\u00e9rt<\/font><\/i><\/a><br \/>\n&nbsp;<br \/>\n<a href=\" erettsegi\/regitetelek\/reformkori_tarsadalom.doc\"><i><font color=\"blue\">A reformkori t\u00e1rsadalom jellemz\u0151i<\/font><\/i><\/a><br \/>\n&nbsp;<br \/>\n<a href=\" erettsegi\/regitetelek\/jobbagyk\u00e9rdes_magyarorszagon_18_19_szazadban.doc\"><i><font color=\"blue\">A jobb\u00e1gyk\u00e9rd\u00e9s Magyarorsz\u00e1gon (XVIII\u2013XIX. sz\u00e1zad) <\/font><\/i><\/a><br \/>\n&nbsp;<br \/>\n<a href=\" erettsegi\/regitetelek\/kossuth_lajos_politikai_palyaja.doc\"><i><font color=\"blue\">Kossuth Lajos politikai p\u00e1ly\u00e1ja<\/font><\/i><\/a><br \/>\n&nbsp;<br \/>\n<a href=\" erettsegi\/regitetelek\/1848_as_forradalmak_es_a_magyar_szabadsagharc.doc\"><i><font color=\"blue\">Az 1848-as eur\u00f3pai forradalmak \u00e9s a magyar szabads\u00e1gharc<\/font><\/i><\/a><br \/>\n&nbsp;<br \/>\n<a href=\" erettsegi\/regitetelek\/kiegyezes.doc\"><i><font color=\"blue\">A kiegyez\u00e9s \u00e9s alternat\u00edv\u00e1i<\/font><\/i><\/a><br \/>\n&nbsp;<br \/>\n<a href=\" erettsegi\/regitetelek\/dualizmus_gazdasaga.doc\"><i><font color=\"blue\">A dualizmus gazdas\u00e1ga<\/font><\/i><\/a><br \/>\n&nbsp;<br \/>\n<a href=\" erettsegi\/regitetelek\/budapest_fejlodese_a_19_szazadban.doc\"><i><font color=\"blue\">Budapest fejl\u0151d\u00e9se a hossz\u00fa XIX. sz\u00e1zadban<\/font><\/i><\/a><br \/>\n&nbsp;<br \/>\n<a href=\" erettsegi\/regitetelek\/nemzetisegi_kerdes_magyarorszagon_18_szazadtol_1868_ig_1.doc\"><i><font color=\"blue\">A nemzetis\u00e9gi k\u00e9rd\u00e9s Magyarorsz\u00e1gon a XVIII. sz\u00e1zad k\u00f6zep\u00e9t\u0151l 1868-ig<\/font><\/i><\/a><br \/>\n&nbsp;<br \/>\n<a href=\" erettsegi\/regitetelek\/nemzetisegi_kerdes_magyarorszagon_18_szazadtol_1868_ig_2.doc\"><i><font color=\"blue\">Nemzetis\u00e9gek \u00e9s nemzetis\u00e9gi k\u00e9rd\u00e9s a XVIII\u2013XIX. sz\u00e1zadi Magyarorsz\u00e1gon<\/font><\/i><\/a><br \/>\n&nbsp;<br \/>\n<a href=\" erettsegi\/regitetelek\/nemzetisegi_kerdes_18_19_szazadi_magyarorszagon.doc\"><i><font color=\"blue\">Nemzetis\u00e9gek \u00e9s nemzetis\u00e9gi k\u00e9rd\u00e9s a XVIII\u2013XIX. sz\u00e1zadi Magyarorsz\u00e1gon<\/font><\/i><\/a><br \/>\n&nbsp;<br \/>\n<a href=\" erettsegi\/regitetelek\/etnikai_demografiai_viszonyok_magyarorszagon_19_szazadban.doc\"><i><font color=\"blue\">Etnikai \u00e9s demogr\u00e1fiai v\u00e1ltoz\u00e1sok Magyarorsz\u00e1gon a XIX. sz\u00e1zadban<\/font><\/i><\/a><br \/>\n&nbsp;<br \/>\n<a href=\" erettsegi\/regitetelek\/nemzetisegek_magyarorszagon_1800_1914_kozott.doc\"><i><font color=\"blue\">Nemzetis\u00e9gek \u00e9s nemzetis\u00e9gi k\u00e9rd\u00e9s 1800\u20131914 k\u00f6z\u00f6tt Magyarorsz\u00e1gon<\/font><\/i><\/a><br \/>\n&nbsp;<br \/>\n<a href=\" erettsegi\/regitetelek\/zsidosag_helyzete_magyarorszagon_1867_1945_kozott.doc\"><i><font color=\"blue\">A zsid\u00f3s\u00e1g helyzet\u00e9nek jellemz\u0151i Magyarorsz\u00e1gon 1867\u20131945<\/font><\/i><\/a><br \/>\n&nbsp;<br \/>\n&nbsp;<br \/>\n&nbsp;<br \/>\n<a href=\" erettsegi\/regitetelek\/vilaggazdasag_a_ket_vilagh_k\u00f6z\u00f6tt.doc\"><i><font color=\"blue\">A vil\u00e1ggazdas\u00e1g a k\u00e9t vil\u00e1gh\u00e1bor\u00fa k\u00f6z\u00f6tt<\/font><\/i><\/a><br \/>\n&nbsp;<br \/>\n<a href=\" erettsegi\/regitetelek\/vilaggazdasag_helyzete_a_k\u00e9t_vilaghaboru_kozott.doc\"><i><font color=\"blue\">A vil\u00e1ggazdas\u00e1g a h\u00faszas \u00e9s a harmincas \u00e9vekben. A gazdas\u00e1g helyzete a k\u00e9t vil\u00e1gh\u00e1bor\u00fa k\u00f6z\u00f6tt<\/font><\/i><\/a><br \/>\n&nbsp;<br \/>\n<a href=\" erettsegi\/regitetelek\/modern_eletforma_kial_20_szazad_elejen.doc\"><i><font color=\"blue\"> Az \u00e9letm\u00f3d v\u00e1ltoz\u00e1sai a XX. sz\u00e1zad els\u0151 \u00e9vtizedeiben<\/font><\/i><\/a><br \/>\n&nbsp;<br \/>\n<a href=\" erettsegi\/regitetelek\/bolsevik_ideologia.doc\"><i><font color=\"blue\">A bolsevik ideol\u00f3gia<\/font><\/i><\/a><br \/>\n&nbsp;<br \/>\n<a href=\" erettsegi\/regitetelek\/sztalini_gazdasagpolitika.doc\"><i><font color=\"blue\">A szt\u00e1lini gazdas\u00e1gpolitikai jellemz\u0151i<\/font><\/i><\/a><br \/>\n&nbsp;<br \/>\n<a href=\" erettsegi\/regitetelek\/naci_ideologia_jellegzetessegei.doc\"><i><font color=\"blue\">A n\u00e1ci ideol\u00f3gia jellegzetess\u00e9gei<\/font><\/i><\/a><br \/>\n&nbsp;<br \/>\n<a href=\" erettsegi\/regitetelek\/diktaturak_a_ket_vilaghaboru_kozott.doc\"><i><font color=\"blue\">Diktat\u00far\u00e1k a k\u00e9t vil\u00e1gh\u00e1bor\u00fa k\u00f6z\u00f6tt<\/font><\/i><\/a><br \/>\n&nbsp;<br \/>\n<a href=\" erettsegi\/regitetelek\/tekintelyuralmi_es_totalitarius_rendszerek_1920_1930_evekben.doc\"><i><font color=\"blue\">Tekint\u00e9lyuralmi \u00e9s totalit\u00e1rius rendszerek az 1920-as, 1930-as \u00e9vekben<\/font><\/i><\/a><br \/>\n&nbsp;<br \/>\n<a href=\" erettsegi\/regitetelek\/holokauszt_europaban_1.doc\"><i><font color=\"blue\">A holokauszt Eur\u00f3p\u00e1ban (1)<\/font><\/i><\/a><br \/>\n&nbsp;<br \/>\n<a href=\" erettsegi\/regitetelek\/holokauszt_europaban_2.doc\"><i><font color=\"blue\">A holokauszt Eur\u00f3p\u00e1ban (2)<\/font><\/i><\/a><br \/>\n&nbsp;<br \/>\n<a href=\" erettsegi\/regitetelek\/hideghaboru.doc\"><i><font color=\"blue\">A hidegh\u00e1bor\u00fa<\/font><\/i><\/a><br \/>\n&nbsp;<br \/>\n<a href=\" erettsegi\/regitetelek\/ketpolusu_vilag_es_a_gyarmati_rendszer_felbomlasa.doc\"><i><font color=\"blue\">A k\u00e9tp\u00f3lus\u00fa vil\u00e1g \u00e9s a gyarmati rendszer felboml\u00e1sa<\/font><\/i><\/a><br \/>\n&nbsp;<br \/>\n<a href=\" erettsegi\/regitetelek\/demografia_valtozasok_a_20_szazadban.doc\"><i><font color=\"blue\">Demogr\u00e1fiai v\u00e1ltoz\u00e1sok a XX. sz\u00e1zadban<\/font><\/i><\/a><br \/>\n&nbsp;<br \/>\n&nbsp;<br \/>\n&nbsp;<br \/>\n<a href=\" erettsegi\/regitetelek\/valasztojog_es_rendszer_magyarorszagon_a_20_szazadban.doc\"><i><font color=\"blue\">A v\u00e1laszt\u00f3jog \u00e9s a v\u00e1laszt\u00e1si rendszer Magyarorsz\u00e1gon a XX. sz\u00e1zadban<\/font><\/i><\/a><br \/>\n&nbsp;<br \/>\n<a href=\" erettsegi\/regitetelek\/politikai_eletpalyak_a_20_sz_magyarorszagon.doc\"><i><font color=\"blue\">A XX. sz\u00e1zadi magyar politikusok portr\u00e9i<\/font><\/i><\/a><br \/>\n&nbsp;<br \/>\n<a href=\" erettsegi\/regitetelek\/magyar_gazdasag_jellemzoi_1900_1945.doc\"><i><font color=\"blue\">A magyar gazdas\u00e1g jellemz\u0151i 1900\u20131945 k\u00f6z\u00f6tt<\/font><\/i><\/a><br \/>\n&nbsp;<br \/>\n<a href=\" erettsegi\/regitetelek\/gazdasagi_valtozasok_magyarorszagon_az_elso_vilaghaboru_utan.doc\"><i><font color=\"blue\">Gazdas\u00e1gi v\u00e1ltoz\u00e1sok Magyarorsz\u00e1gon az els\u0151 vil\u00e1gh\u00e1bor\u00fa ut\u00e1n<\/font><\/i><\/a><br \/>\n&nbsp;<br \/>\n<a href=\" erettsegi\/regitetelek\/magyar_gazdasag_a_ket_vilaghaboru_kozott.doc\"><i><font color=\"blue\">A magyar gazdas\u00e1g jellemz\u0151i a k\u00e9t vil\u00e1gh\u00e1bor\u00fa k\u00f6z\u00f6tt<\/font><\/i><\/a><br \/>\n&nbsp;<br \/>\n<a href=\" erettsegi\/regitetelek\/tud_muveszet_oktatas_a_ket_vilagh_kozott_magyarorszagon.doc\"><i><font color=\"blue\">Tudom\u00e1ny, m\u0171v\u00e9szet, oktat\u00e1s a k\u00e9t vil\u00e1gh\u00e1bor\u00fa k\u00f6z\u00f6tti Magyarorsz\u00e1gon<\/font><\/i><\/a><br \/>\n&nbsp;<br \/>\n<a href=\" erettsegi\/regitetelek\/magyarorszag_a_masodik_vilaghaboru_idejen.doc\"><i><font color=\"blue\">Magyarorsz\u00e1g a m\u00e1sodik vil\u00e1gh\u00e1bor\u00fa idej\u00e9n<\/font><\/i><\/a><br \/>\n&nbsp;<br \/>\n<a href=\" erettsegi\/regitetelek\/hetkoznapok_a_masodik_vilaghaborus_magyarorszagon.doc\"><i><font color=\"blue\">H\u00e9tk\u00f6znapok a II. vil\u00e1gh\u00e1bor\u00fas Magyarorsz\u00e1gon<\/font><\/i><\/a><br \/>\n&nbsp;<br \/>\n<a href=\" erettsegi\/regitetelek\/magyarorszag_es_a_vilaggazdasag_1945_utan.doc\"><i><font color=\"blue\">Magyarorsz\u00e1g \u00e9s a vil\u00e1ggazdas\u00e1g a XX. sz\u00e1zad m\u00e1sodik fel\u00e9ben<\/font><\/i><\/a><br \/>\n&nbsp;<br \/>\n<a href=\" erettsegi\/regitetelek\/magyar_gazdasag_1945_80_kozott.doc\"><i><font color=\"blue\">A magyar gazdas\u00e1g jellemz\u0151i 1945 \u00e9s 1980 k\u00f6z\u00f6tt<\/font><\/i><\/a><br \/>\n&nbsp;<br \/>\n<a href=\" erettsegi\/regitetelek\/magyar_gazdasag_jellemzoi_1945_1995.doc\"><i><font color=\"blue\">A magyar gazdas\u00e1g jellemz\u0151i 1945 \u00e9s 1995 k\u00f6z\u00f6tt<\/font><\/i><\/a><br \/>\n&nbsp;<br \/>\n<a href=\" erettsegi\/regitetelek\/magyar_parasztsag_1950_1970_kozott.doc\"><i><font color=\"blue\">A magyar paraszts\u00e1g t\u00f6rt\u00e9nete 1950\u20131970 k\u00f6z\u00f6tt<\/font><\/i><\/a><br \/>\n&nbsp;<br \/>\n<a href=\" erettsegi\/regitetelek\/eletmod_magyarorszagon_1950.doc\"><i><font color=\"blue\">\u00c9letm\u00f3d az 1950-es \u00e9vek Magyarorsz\u00e1g\u00e1n<\/font><\/i><\/a><br \/>\n&nbsp;<br \/>\n<a href=\" erettsegi\/regitetelek\/eletmod_a_hatvanas_evek_magyarorszagan_1.doc\"><i><font color=\"blue\">\u00c9let \u00e9s mindennapok a hatvanas \u00e9vek Magyarorsz\u00e1g\u00e1n<\/font><\/i><\/a><br \/>\n&nbsp;<br \/>\n<a href=\" erettsegi\/regitetelek\/eletmod_a_hatvanas_evek_magyarorszagan_2.doc\"><i><font color=\"blue\">\u00c9letm\u00f3d \u00e9s mindennapok a hatvanas \u00e9vek Magyarorsz\u00e1g\u00e1n<\/font><\/i><\/a><br \/>\n&nbsp;<br \/>\n<a href=\" erettsegi\/regitetelek\/eletmod_a_kadar_korszakban.doc\"><i><font color=\"blue\">\u00c9letm\u00f3d \u00e9s mindennapok a K\u00e1d\u00e1r-korszakban<\/font><\/i><\/a><br \/>\n&nbsp;<br \/>\n<a href=\" erettsegi\/regitetelek\/kisebbsegek_1945_1990_kozott_a_karpat_medenceben.doc\"><i><font color=\"blue\">Kisebbs\u00e9gek \u00e9s helyzet\u00fck a K\u00e1rp\u00e1t-medenc\u00e9ben 1945\u20131990 k\u00f6z\u00f6tt<\/font><\/i><\/a><br \/>\n&nbsp;<br \/>\n<a href=\" erettsegi\/regitetelek\/magyar_demokracia_mukodese_1990es_evek.doc\"><i><font color=\"blue\">A magyar demokr\u00e1cia m\u0171k\u00f6d\u00e9se 1990\u20132012<\/font><\/i><\/a><br \/>\n&nbsp;<br \/>\n<a href=\" erettsegi\/regitetelek\/polgari_demokracia_mukodese_magyarorszagon.doc\"><i><font color=\"blue\">A polg\u00e1ri demokr\u00e1cia m\u0171k\u00f6d\u00e9se Magyarorsz\u00e1gon (1990\u20132012) <\/font><\/i><\/a><\/p>\n","protected":false},"excerpt":{"rendered":"<p>Az al\u00e1bbi t\u00e9teleket, t\u00e9m\u00e1kat di\u00e1kjaink dolgozt\u00e1k ki a k\u00f6z\u00e9piskolai t\u00f6rt\u00e9nelem tank\u00f6nyvek \u00e9s tan\u00e1raik \u00f3rai el\u0151ad\u00e1sai alapj\u00e1n 2010 k\u00f6r\u00fcl. A di\u00e1kok k\u00e9r\u00e9se alapj\u00e1n n\u00e9v n\u00e9lk\u00fcl l\u00e1thatj\u00e1k&#8230;<\/p>\n<div class=\"more-link-wrapper\"><a class=\"more-link\" href=\"https:\/\/tortenelem.fazekas.hu\/?page_id=53\">Continue reading<span class=\"screen-reader-text\">R\u00e9szletes t\u00e9telek<\/span><\/a><\/div>\n","protected":false},"author":1,"featured_media":0,"parent":62,"menu_order":5,"comment_status":"closed","ping_status":"closed","template":"","meta":{"ngg_post_thumbnail":0,"footnotes":""},"class_list":["post-53","page","type-page","status-publish","hentry","entry"],"_links":{"self":[{"href":"https:\/\/tortenelem.fazekas.hu\/index.php?rest_route=\/wp\/v2\/pages\/53","targetHints":{"allow":["GET"]}}],"collection":[{"href":"https:\/\/tortenelem.fazekas.hu\/index.php?rest_route=\/wp\/v2\/pages"}],"about":[{"href":"https:\/\/tortenelem.fazekas.hu\/index.php?rest_route=\/wp\/v2\/types\/page"}],"author":[{"embeddable":true,"href":"https:\/\/tortenelem.fazekas.hu\/index.php?rest_route=\/wp\/v2\/users\/1"}],"replies":[{"embeddable":true,"href":"https:\/\/tortenelem.fazekas.hu\/index.php?rest_route=%2Fwp%2Fv2%2Fcomments&post=53"}],"version-history":[{"count":10,"href":"https:\/\/tortenelem.fazekas.hu\/index.php?rest_route=\/wp\/v2\/pages\/53\/revisions"}],"predecessor-version":[{"id":900,"href":"https:\/\/tortenelem.fazekas.hu\/index.php?rest_route=\/wp\/v2\/pages\/53\/revisions\/900"}],"up":[{"embeddable":true,"href":"https:\/\/tortenelem.fazekas.hu\/index.php?rest_route=\/wp\/v2\/pages\/62"}],"wp:attachment":[{"href":"https:\/\/tortenelem.fazekas.hu\/index.php?rest_route=%2Fwp%2Fv2%2Fmedia&parent=53"}],"curies":[{"name":"wp","href":"https:\/\/api.w.org\/{rel}","templated":true}]}}